{"id":1446,"date":"2017-10-20T13:54:13","date_gmt":"2017-10-20T17:54:13","guid":{"rendered":"http:\/\/panamericanlanguage.com\/es\/?page_id=1446"},"modified":"2017-10-20T13:54:13","modified_gmt":"2017-10-20T17:54:13","slug":"credito-caguas-2018","status":"publish","type":"page","link":"https:\/\/panamericanlanguage.com\/es\/credito-caguas-2018\/","title":{"rendered":"Cr\u00e9dito Caguas 2018"},"content":{"rendered":"<h4>Estimado Estudiante,<\/h4>\n<h4 style=\"text-align: justify;\">Esperamos que est\u00e9s bien y tu familia tambi\u00e9n despu\u00e9s del paso del Hurac\u00e1n Mar\u00eda. Adjunto encontrar\u00e1s la carta de nuestro Presidente referente a este semestre en nuestro Centro de Caguas, la hoja de proceso de cr\u00e9dito y la hoja informativa de los Cursos de Enero 2018.<\/h4>\n<h4 style=\"text-align: center;\">\u00a1Esperamos escuchar de ti pronto!<\/h4>\n<p>4 de octubre de 2017<\/p>\n<p><strong>Asunto: Semestre Agosto 2017 \u2013 Centro de Caguas<\/strong><\/p>\n<p><em>Estimado estudiante,<\/em><\/p>\n<p><em>\u00a0<\/em><em>Primeramente, esperamos que se encuentre bien al igual que su familia luego del paso del Hurac\u00e1n Mar\u00eda. Nuestra facultad y administraci\u00f3n, gracias a Dios, se encuentra bien.\u00a0 Desafortunadamente, el Centro de Caguas sufri\u00f3 da\u00f1os graves e irreparables en su interior.\u00a0 Se inundaron las oficinas, se rompieron ventanas y se da\u00f1aron los equipos. Lamentablemente, no podremos seguir ocupando el mismo local que con tanto cari\u00f1o, esfuerzo y dedicaci\u00f3n hab\u00edamos habilitado para nuestros estudiantes hace ya m\u00e1s de diez (10) a\u00f1os.\u00a0 Por esto, nos dimos a la ardua tarea de conseguir otro local y habilitarlo, aunque fuese temporeramente, pero debido a la situaci\u00f3n del pa\u00eds se nos ha hecho imposible.<\/em><\/p>\n<p><em>Por otro lado, muchos nos han solicitado que reanudemos las clases en Caguas una vez se normalice todo pues los estudiantes y facultad de esa \u00e1rea est\u00e1n luchando d\u00eda a d\u00eda ya que no cuentan con los servicios b\u00e1sicos.<\/em><em>\u00a0<\/em><\/p>\n<p><em>Por lo tanto, hemos decidido ofrecerle a nuestros estudiantes del Centro de Caguas un <strong>CR\u00c9DITO PARA ENERO 2018. Las clases que ya tomaron este semestre no tendr\u00e1n costo alguno. <\/strong>Sin embargo, aquellos que gusten transferirse para el centro de San Patricio lo podr\u00e1n hacer (sujeto a disponibilidad) para continuar con su curso este semestre en lugar de obtener el cr\u00e9dito. En San Patricio contamos con servicio de luz (Generador), agua y aire acondicionado.\u00a0 Hemos confirmado que nuestra facultad se encuentra bien y estamos listos para reanudar clases a partir del s\u00e1bado 7 de octubre de 2017.<\/em><\/p>\n<p><em>En PanAmerican Language estamos comprometidos con nuestra isla para ayudar a regresar a la normalidad a la mayor brevedad posible y confiamos en la fortaleza de nuestro Pueblo para levantar a Puerto Rico.<\/em><em>\u00a0<\/em><\/p>\n<p><em>Les deseamos fortaleza, determinaci\u00f3n y un pronto regreso a la normalidad.<\/em><\/p>\n<p><em>Cordialmente,<\/em><\/p>\n<p><strong><em>Pablo A. Morell<\/em><\/strong><\/p>\n<p><em>Presidente<\/em><\/p>\n<p>&nbsp;<\/p>\n<p align=\"center\"><strong><span style=\"text-decoration: underline;\">Normas y Procesos para obtener Cr\u00e9dito 2018<\/span><\/strong><\/p>\n<ul>\n<li><strong>V\u00e1lido s\u00f3lo para estudiantes de Caguas Agosto\/Septiembre\/Octubre 2017<\/strong><\/li>\n<\/ul>\n<ul>\n<li>V\u00e1lido s\u00f3lo por un a\u00f1o (Expira en Octubre 2018)<\/li>\n<\/ul>\n<ul>\n<li>Cr\u00e9dito solo por la cantidad de lecciones pagadas.<\/li>\n<\/ul>\n<ul>\n<li>Cr\u00e9dito NO es transferible<\/li>\n<\/ul>\n<ul>\n<li>Clases ya ofrecidas el semestre de agosto 2017 ser\u00e1n cortes\u00eda de nuestra Instituci\u00f3n.<\/li>\n<\/ul>\n<ul>\n<li>Este cr\u00e9dito NO le garantiza un asiento.\u00a0 Para asegurar su espacio deber\u00e1 pasar personalmente por el Centro de San Patricio, firmar su nueva boleta de admisi\u00f3n y completar la documentaci\u00f3n necesaria. \u00a0Se solicitar\u00e1 ID oficial con foto. Favor de traer su Boleta Amarilla.<\/li>\n<\/ul>\n<ul>\n<li>Para su beneficio, este proceso NO contar\u00e1 como baja seg\u00fan consta en el Reglamento del Estudiante p\u00e1gina 9 Secci\u00f3n XVI.<\/li>\n<\/ul>\n<p><strong>Opci\u00f3n de transferirse al Centro de San Patricio: <\/strong>Si el estudiante prefiere continuar estudios este semestre, podr\u00e1 solicitar transferirse al Centro de San Patricio (Fecha l\u00edmite: Octubre 14).\u00a0 Para este proceso el estudiante deber\u00e1 pasar personalmente, firmar por su boleta nueva y completar la documentaci\u00f3n a la mayor brevedad para que no pierda clases.\u00a0 Trataremos de ubicarlo en los espacios disponibles. Estamos reanudando las clases del S\u00e1bado 7 de octubre en adelante y se han dado en San Patricio la misma cantidad de clases que se han dado en el Centro de Caguas este semestre<\/p>\n<h3 style=\"text-align: center;\"><strong>#PRselevanta\u00a0<\/strong><\/h3>\n<p>&nbsp;<\/p>\n<p>&nbsp;<\/p>\n","protected":false},"excerpt":{"rendered":"<p>Estimado Estudiante, Esperamos que est\u00e9s bien y tu familia tambi\u00e9n despu\u00e9s del paso del Hurac\u00e1n Mar\u00eda. Adjunto encontrar\u00e1s la carta de nuestro Presidente referente a este semestre en nuestro Centro de Caguas, la hoja de proceso de cr\u00e9dito y la hoja informativa de los Cursos de Enero 2018. \u00a1Esperamos escuchar de ti pronto! 4 de<\/p>\n","protected":false},"author":3,"featured_media":0,"parent":0,"menu_order":0,"comment_status":"open","ping_status":"open","template":"","meta":{"footnotes":""},"class_list":["post-1446","page","type-page","status-publish","hentry"],"aioseo_notices":[],"_links":{"self":[{"href":"https:\/\/panamericanlanguage.com\/es\/wp-json\/wp\/v2\/pages\/1446","targetHints":{"allow":["GET"]}}],"collection":[{"href":"https:\/\/panamericanlanguage.com\/es\/wp-json\/wp\/v2\/pages"}],"about":[{"href":"https:\/\/panamericanlanguage.com\/es\/wp-json\/wp\/v2\/types\/page"}],"author":[{"embeddable":true,"href":"https:\/\/panamericanlanguage.com\/es\/wp-json\/wp\/v2\/users\/3"}],"replies":[{"embeddable":true,"href":"https:\/\/panamericanlanguage.com\/es\/wp-json\/wp\/v2\/comments?post=1446"}],"version-history":[{"count":0,"href":"https:\/\/panamericanlanguage.com\/es\/wp-json\/wp\/v2\/pages\/1446\/revisions"}],"wp:attachment":[{"href":"https:\/\/panamericanlanguage.com\/es\/wp-json\/wp\/v2\/media?parent=1446"}],"curies":[{"name":"wp","href":"https:\/\/api.w.org\/{rel}","templated":true}]}}